{"id":138205,"date":"2024-09-17T15:32:57","date_gmt":"2024-09-17T13:32:57","guid":{"rendered":"https:\/\/www.orentees.com\/location-vetement-de-ski-pra-loup-2\/"},"modified":"2024-12-17T15:58:40","modified_gmt":"2024-12-17T14:58:40","slug":"location-vetement-de-ski-val-dallos","status":"publish","type":"page","link":"https:\/\/www.orentees.com\/pt\/location-vetement-de-ski-val-dallos\/","title":{"rendered":"Location v\u00eatement de ski &#8211; Val d&#8217;Allos &#8211; O&#8217;rentees"},"content":{"rendered":"<div data-elementor-type=\"wp-page\" data-elementor-id=\"138205\" class=\"elementor elementor-138205\" data-elementor-settings=\"{&quot;element_pack_global_tooltip_width&quot;:{&quot;unit&quot;:&quot;px&quot;,&quot;size&quot;:&quot;&quot;,&quot;sizes&quot;:[]},&quot;element_pack_global_tooltip_width_tablet&quot;:{&quot;unit&quot;:&quot;px&quot;,&quot;size&quot;:&quot;&quot;,&quot;sizes&quot;:[]},&quot;element_pack_global_tooltip_width_mobile&quot;:{&quot;unit&quot;:&quot;px&quot;,&quot;size&quot;:&quot;&quot;,&quot;sizes&quot;:[]},&quot;element_pack_global_tooltip_padding&quot;:{&quot;unit&quot;:&quot;px&quot;,&quot;top&quot;:&quot;&quot;,&quot;right&quot;:&quot;&quot;,&quot;bottom&quot;:&quot;&quot;,&quot;left&quot;:&quot;&quot;,&quot;isLinked&quot;:true},&quot;element_pack_global_tooltip_padding_tablet&quot;:{&quot;unit&quot;:&quot;px&quot;,&quot;top&quot;:&quot;&quot;,&quot;right&quot;:&quot;&quot;,&quot;bottom&quot;:&quot;&quot;,&quot;left&quot;:&quot;&quot;,&quot;isLinked&quot;:true},&quot;element_pack_global_tooltip_padding_mobile&quot;:{&quot;unit&quot;:&quot;px&quot;,&quot;top&quot;:&quot;&quot;,&quot;right&quot;:&quot;&quot;,&quot;bottom&quot;:&quot;&quot;,&quot;left&quot;:&quot;&quot;,&quot;isLinked&quot;:true},&quot;element_pack_global_tooltip_border_radius&quot;:{&quot;unit&quot;:&quot;px&quot;,&quot;top&quot;:&quot;&quot;,&quot;right&quot;:&quot;&quot;,&quot;bottom&quot;:&quot;&quot;,&quot;left&quot;:&quot;&quot;,&quot;isLinked&quot;:true},&quot;element_pack_global_tooltip_border_radius_tablet&quot;:{&quot;unit&quot;:&quot;px&quot;,&quot;top&quot;:&quot;&quot;,&quot;right&quot;:&quot;&quot;,&quot;bottom&quot;:&quot;&quot;,&quot;left&quot;:&quot;&quot;,&quot;isLinked&quot;:true},&quot;element_pack_global_tooltip_border_radius_mobile&quot;:{&quot;unit&quot;:&quot;px&quot;,&quot;top&quot;:&quot;&quot;,&quot;right&quot;:&quot;&quot;,&quot;bottom&quot;:&quot;&quot;,&quot;left&quot;:&quot;&quot;,&quot;isLinked&quot;:true}}\" data-elementor-post-type=\"page\">\n\t\t\t\t<div class=\"elementor-element elementor-element-bb1fbd8 wd-section-stretch e-flex e-con-boxed e-con e-parent\" data-id=\"bb1fbd8\" data-element_type=\"container\" data-settings=\"{&quot;background_background&quot;:&quot;classic&quot;}\">\n\t\t\t\t\t<div class=\"e-con-inner\">\n\t\t<div class=\"elementor-element elementor-element-31b2211 e-con-full e-flex e-con e-parent\" data-id=\"31b2211\" data-element_type=\"container\">\n\t\t\t\t<div class=\"elementor-element elementor-element-659e61d elementor-widget elementor-widget-heading\" data-id=\"659e61d\" data-element_type=\"widget\" data-widget_type=\"heading.default\">\n\t\t\t\t<div class=\"elementor-widget-container\">\n\t\t\t\t\t<h2 class=\"elementor-heading-title elementor-size-default\">Nosso Ponto de Esta\u00e7\u00e3o<\/h2>\t\t\t\t<\/div>\n\t\t\t\t<\/div>\n\t\t\t\t<div class=\"elementor-element elementor-element-23d998e elementor-widget elementor-widget-wd_text_block\" data-id=\"23d998e\" data-element_type=\"widget\" data-widget_type=\"wd_text_block.default\">\n\t\t\t\t<div class=\"elementor-widget-container\">\n\t\t\t\t\t\t\t<div class=\"wd-text-block reset-last-child text-left\">\n\t\t\t\n\t\t\t<p>&quot;Vale de Allos&quot;<\/p>\n\t\t\t\t\t<\/div>\n\t\t\t\t\t\t<\/div>\n\t\t\t\t<\/div>\n\t\t\t\t<\/div>\n\t\t\t\t\t<\/div>\n\t\t\t\t<\/div>\n\t\t<div class=\"elementor-element elementor-element-c873888 e-flex e-con-boxed e-con e-parent\" data-id=\"c873888\" data-element_type=\"container\">\n\t\t\t\t\t<div class=\"e-con-inner\">\n\t\t<div class=\"elementor-element elementor-element-3bb645f e-flex e-con-boxed e-con e-parent\" data-id=\"3bb645f\" data-element_type=\"container\" data-settings=\"{&quot;background_background&quot;:&quot;classic&quot;}\">\n\t\t\t\t\t<div class=\"e-con-inner\">\n\t\t<div class=\"elementor-element elementor-element-73518e8 e-con-full e-flex e-con e-parent\" data-id=\"73518e8\" data-element_type=\"container\">\n\t\t\t\t<div class=\"elementor-element elementor-element-f58e351 elementor-widget elementor-widget-heading\" data-id=\"f58e351\" data-element_type=\"widget\" data-widget_type=\"heading.default\">\n\t\t\t\t<div class=\"elementor-widget-container\">\n\t\t\t\t\t<h2 class=\"elementor-heading-title elementor-size-default\">LANTELME ESPORTES<\/h2>\t\t\t\t<\/div>\n\t\t\t\t<\/div>\n\t\t\t\t<div class=\"elementor-element elementor-element-83a5061 elementor-widget elementor-widget-wd_text_block\" data-id=\"83a5061\" data-element_type=\"widget\" data-widget_type=\"wd_text_block.default\">\n\t\t\t\t<div class=\"elementor-widget-container\">\n\t\t\t\t\t\t\t<div class=\"wd-text-block reset-last-child text-left\">\n\t\t\t\n\t\t\t<p>SKISET<\/p>\n\t\t\t\t\t<\/div>\n\t\t\t\t\t\t<\/div>\n\t\t\t\t<\/div>\n\t\t\t\t<div class=\"elementor-element elementor-element-6717e72 elementor-widget-divider--view-line elementor-widget elementor-widget-divider\" data-id=\"6717e72\" data-element_type=\"widget\" data-widget_type=\"divider.default\">\n\t\t\t\t<div class=\"elementor-widget-container\">\n\t\t\t\t\t\t\t<div class=\"elementor-divider\">\n\t\t\t<span class=\"elementor-divider-separator\">\n\t\t\t\t\t\t<\/span>\n\t\t<\/div>\n\t\t\t\t\t\t<\/div>\n\t\t\t\t<\/div>\n\t\t\t\t<div class=\"elementor-element elementor-element-93705ae elementor-widget__width-initial color-scheme-inherit text-left elementor-widget elementor-widget-text-editor\" data-id=\"93705ae\" data-element_type=\"widget\" data-widget_type=\"text-editor.default\">\n\t\t\t\t<div class=\"elementor-widget-container\">\n\t\t\t\t\t\t\t\t\t<p>Lugar Ernest Garcin \u2013<\/p><p>O Centro<\/p><div class=\"elementor-element elementor-element-6de45f61 elementor-widget elementor-widget-heading\" data-id=\"6de45f61\" data-element_type=\"widget\" data-widget_type=\"heading.default\"><div class=\"elementor-widget-container\"><p class=\"elementor-heading-title elementor-size-default\">04260 LA FOUX D&#039;ALLOS<\/p><\/div><\/div>\t\t\t\t\t\t\t\t<\/div>\n\t\t\t\t<\/div>\n\t\t\t\t<div class=\"elementor-element elementor-element-6359e72 elementor-widget elementor-widget-heading\" data-id=\"6359e72\" data-element_type=\"widget\" data-widget_type=\"heading.default\">\n\t\t\t\t<div class=\"elementor-widget-container\">\n\t\t\t\t\t<h6 class=\"elementor-heading-title elementor-size-default\">Dias de abertura:<\/h6>\t\t\t\t<\/div>\n\t\t\t\t<\/div>\n\t\t\t\t<div class=\"elementor-element elementor-element-68ebe33 elementor-widget__width-initial color-scheme-inherit text-left elementor-widget elementor-widget-text-editor\" data-id=\"68ebe33\" data-element_type=\"widget\" data-widget_type=\"text-editor.default\">\n\t\t\t\t<div class=\"elementor-widget-container\">\n\t\t\t\t\t\t\t\t\t<p>Segunda, ter\u00e7a, quarta, quinta, sexta, s\u00e1bado, domingo<\/p>\t\t\t\t\t\t\t\t<\/div>\n\t\t\t\t<\/div>\n\t\t\t\t<div class=\"elementor-element elementor-element-4c2c8c8 elementor-widget elementor-widget-heading\" data-id=\"4c2c8c8\" data-element_type=\"widget\" data-widget_type=\"heading.default\">\n\t\t\t\t<div class=\"elementor-widget-container\">\n\t\t\t\t\t<h6 class=\"elementor-heading-title elementor-size-default\">Hor\u00e1rios:<\/h6>\t\t\t\t<\/div>\n\t\t\t\t<\/div>\n\t\t\t\t<div class=\"elementor-element elementor-element-a9dcd8a elementor-widget__width-initial color-scheme-inherit text-left elementor-widget elementor-widget-text-editor\" data-id=\"a9dcd8a\" data-element_type=\"widget\" data-widget_type=\"text-editor.default\">\n\t\t\t\t<div class=\"elementor-widget-container\">\n\t\t\t\t\t\t\t\t\t<p>8h30 \u2013 12h \/ 12h \u2013 19h30<\/p>\t\t\t\t\t\t\t\t<\/div>\n\t\t\t\t<\/div>\n\t\t\t\t<\/div>\n\t\t<div class=\"elementor-element elementor-element-cd145fc e-con-full e-flex e-con e-parent\" data-id=\"cd145fc\" data-element_type=\"container\">\n\t\t\t\t<div class=\"elementor-element elementor-element-e27ca46 elementor-widget elementor-widget-google_maps\" data-id=\"e27ca46\" data-element_type=\"widget\" data-widget_type=\"google_maps.default\">\n\t\t\t\t<div class=\"elementor-widget-container\">\n\t\t\t\t\t\t\t<div class=\"elementor-custom-embed\">\n\t\t\t<iframe loading=\"lazy\"\n\t\t\t\t\tsrc=\"https:\/\/maps.google.com\/maps?q=SKISET%20La%20Foux%20d%27Allos%20-%20Lantelme%20Sports&#038;t=m&#038;z=17&#038;output=embed&#038;iwloc=near\"\n\t\t\t\t\ttitle=\"SKISET La Foux d&#039;Allos - Lantelme Sports\"\n\t\t\t\t\taria-label=\"SKISET La Foux d&#039;Allos - Lantelme Sports\"\n\t\t\t><\/iframe>\n\t\t<\/div>\n\t\t\t\t\t\t<\/div>\n\t\t\t\t<\/div>\n\t\t\t\t<\/div>\n\t\t\t\t\t<\/div>\n\t\t\t\t<\/div>\n\t\t<div class=\"elementor-element elementor-element-c19a3ef e-flex e-con-boxed e-con e-parent\" data-id=\"c19a3ef\" data-element_type=\"container\" data-settings=\"{&quot;background_background&quot;:&quot;classic&quot;}\">\n\t\t\t\t\t<div class=\"e-con-inner\">\n\t\t<div class=\"elementor-element elementor-element-0c6821a e-con-full e-flex e-con e-parent\" data-id=\"0c6821a\" data-element_type=\"container\">\n\t\t\t\t<div class=\"elementor-element elementor-element-a3c488d elementor-widget elementor-widget-wd_text_block\" data-id=\"a3c488d\" data-element_type=\"widget\" data-widget_type=\"wd_text_block.default\">\n\t\t\t\t<div class=\"elementor-widget-container\">\n\t\t\t\t\t\t\t<div class=\"wd-text-block reset-last-child text-left\">\n\t\t\t\n\t\t\t<p>Apresenta\u00e7\u00e3o<\/p>\n\t\t\t\t\t<\/div>\n\t\t\t\t\t\t<\/div>\n\t\t\t\t<\/div>\n\t\t\t\t<div class=\"elementor-element elementor-element-b9b1a82 elementor-widget elementor-widget-wd_text_block\" data-id=\"b9b1a82\" data-element_type=\"widget\" data-widget_type=\"wd_text_block.default\">\n\t\t\t\t<div class=\"elementor-widget-container\">\n\t\t\t\t\t\t\t<div class=\"wd-text-block reset-last-child text-left\">\n\t\t\t\n\t\t\t<p>A LANTELME SPORTS, loja de aluguel de artigos esportivos e de esqui localizada no cora\u00e7\u00e3o do resort Val d&#039;Allos, \u00e9 o lugar ideal para aproveitar ao m\u00e1ximo suas aventuras de inverno.<\/p><p>Com uma equipe de profissionais experientes, esta loja \u00e9 uma verdadeira parceira para todos os entusiastas de esportes de montanha.<\/p><p>Seja voc\u00ea um novato ou um especialista, na LANTELME SPORTS voc\u00ea encontrar\u00e1 o equipamento ideal para se equipar durante sua estadia em Val d&#039;Allos.<\/p>\n\t\t\t\t\t<\/div>\n\t\t\t\t\t\t<\/div>\n\t\t\t\t<\/div>\n\t\t\t\t<div class=\"elementor-element elementor-element-f983482 elementor-widget elementor-widget-heading\" data-id=\"f983482\" data-element_type=\"widget\" data-widget_type=\"heading.default\">\n\t\t\t\t<div class=\"elementor-widget-container\">\n\t\t\t\t\t<h6 class=\"elementor-heading-title elementor-size-default\">O pequeno &quot;+&quot;:<\/h6>\t\t\t\t<\/div>\n\t\t\t\t<\/div>\n\t\t\t\t<div class=\"elementor-element elementor-element-35b88be elementor-widget elementor-widget-wd_text_block\" data-id=\"35b88be\" data-element_type=\"widget\" data-widget_type=\"wd_text_block.default\">\n\t\t\t\t<div class=\"elementor-widget-container\">\n\t\t\t\t\t\t\t<div class=\"wd-text-block reset-last-child text-left\">\n\t\t\t\n\t\t\t<p>A frota de aluguel de esquis e botas \u00e9 cuidadosamente revisada e renovada a cada temporada.<\/p>\n\t\t\t\t\t<\/div>\n\t\t\t\t\t\t<\/div>\n\t\t\t\t<\/div>\n\t\t\t\t<div class=\"elementor-element elementor-element-5fee7bf elementor-mobile-align-center elementor-align-left elementor-widget elementor-widget-button\" data-id=\"5fee7bf\" data-element_type=\"widget\" data-widget_type=\"button.default\">\n\t\t\t\t<div class=\"elementor-widget-container\">\n\t\t\t\t\t\t\t\t\t<div class=\"elementor-button-wrapper\">\n\t\t\t\t\t<a class=\"elementor-button elementor-button-link elementor-size-sm\" href=\"https:\/\/www.skiset.com\/partner\/skiset\/station-ski\/la-foux-d-allos\/magasins\/lantelme-sports\" target=\"_blank\" rel=\"nofollow\">\n\t\t\t\t\t\t<span class=\"elementor-button-content-wrapper\">\n\t\t\t\t\t\t\t\t\t<span class=\"elementor-button-text\">Alugue seus esquis<\/span>\n\t\t\t\t\t<\/span>\n\t\t\t\t\t<\/a>\n\t\t\t\t<\/div>\n\t\t\t\t\t\t\t\t<\/div>\n\t\t\t\t<\/div>\n\t\t\t\t<\/div>\n\t\t<div class=\"elementor-element elementor-element-6aab80b e-con-full e-flex e-con e-parent\" data-id=\"6aab80b\" data-element_type=\"container\">\n\t\t\t\t<div class=\"elementor-element elementor-element-7e5b257 elementor-widget elementor-widget-image\" data-id=\"7e5b257\" data-element_type=\"widget\" data-widget_type=\"image.default\">\n\t\t\t\t<div class=\"elementor-widget-container\">\n\t\t\t\t\t\t\t\t\t\t\t\t\t\t\t<img loading=\"lazy\" decoding=\"async\" width=\"640\" height=\"480\" src=\"https:\/\/www.orentees.com\/wp-content\/uploads\/Location-vetements-de-ski-au-Vall-d-allos-chez-Lantelme-sports-by-Orentees.webp.webp\" class=\"attachment-full size-full wp-image-138211\" alt=\"Location vetements de ski au Vall d allos chez Lantelme sports by Orentees.webp\" \/>\t\t\t\t\t\t\t\t\t\t\t\t\t\t\t<\/div>\n\t\t\t\t<\/div>\n\t\t\t\t<\/div>\n\t\t\t\t\t<\/div>\n\t\t\t\t<\/div>\n\t\t\t\t\t<\/div>\n\t\t\t\t<\/div>\n\t\t<div class=\"elementor-element elementor-element-a83e447 wd-section-stretch e-flex e-con-boxed e-con e-parent\" data-id=\"a83e447\" data-element_type=\"container\" data-settings=\"{&quot;background_background&quot;:&quot;classic&quot;}\">\n\t\t\t\t\t<div class=\"e-con-inner\">\n\t\t<div class=\"elementor-element elementor-element-5cdfca3 e-con-full e-flex e-con e-parent\" data-id=\"5cdfca3\" data-element_type=\"container\">\n\t\t\t\t<div class=\"elementor-element elementor-element-f0fc095 elementor-widget elementor-widget-heading\" data-id=\"f0fc095\" data-element_type=\"widget\" data-widget_type=\"heading.default\">\n\t\t\t\t<div class=\"elementor-widget-container\">\n\t\t\t\t\t<h2 class=\"elementor-heading-title elementor-size-default\">A ESTA\u00c7\u00c3O<\/h2>\t\t\t\t<\/div>\n\t\t\t\t<\/div>\n\t\t\t\t<div class=\"elementor-element elementor-element-ad6475b elementor-widget elementor-widget-wd_text_block\" data-id=\"ad6475b\" data-element_type=\"widget\" data-widget_type=\"wd_text_block.default\">\n\t\t\t\t<div class=\"elementor-widget-container\">\n\t\t\t\t\t\t\t<div class=\"wd-text-block reset-last-child text-left\">\n\t\t\t\n\t\t\t<p>Val d&#039;Allos<\/p>\n\t\t\t\t\t<\/div>\n\t\t\t\t\t\t<\/div>\n\t\t\t\t<\/div>\n\t\t\t\t<div class=\"elementor-element elementor-element-f1a74a1 elementor-widget-divider--view-line elementor-widget elementor-widget-divider\" data-id=\"f1a74a1\" data-element_type=\"widget\" data-widget_type=\"divider.default\">\n\t\t\t\t<div class=\"elementor-widget-container\">\n\t\t\t\t\t\t\t<div class=\"elementor-divider\">\n\t\t\t<span class=\"elementor-divider-separator\">\n\t\t\t\t\t\t<\/span>\n\t\t<\/div>\n\t\t\t\t\t\t<\/div>\n\t\t\t\t<\/div>\n\t\t\t\t<div class=\"elementor-element elementor-element-c58e6ea elementor-widget elementor-widget-wd_text_block\" data-id=\"c58e6ea\" data-element_type=\"widget\" data-widget_type=\"wd_text_block.default\">\n\t\t\t\t<div class=\"elementor-widget-container\">\n\t\t\t\t\t\t\t<div class=\"wd-text-block reset-last-child text-left\">\n\t\t\t\n\t\t\t<p>Descubra a magia de Val d&#039;Allos, um destino \u00fanico nos Alpes do Sul, aninhado na nascente do Verdon, com uma caracter\u00edstica not\u00e1vel: uma vila tradicional, Val d&#039;Allos \u2013 Le village, situada a uma altitude de 1.400 metros, e duas esta\u00e7\u00f5es de esqui, Val d&#039;Allos \u2013 Le Seignus e Val d&#039;Allos \u2013 La Foux.<\/p><p>Em Val d&#039;Allos, chal\u00e9s de pedra e resid\u00eancias de madeira servem de base para esquiadores e amantes da natureza. Voc\u00ea pode aproveitar o Espace Lumi\u00e8re, a \u00e1rea de esqui que conecta Val d&#039;Allos \u00e0 esta\u00e7\u00e3o Pra Loup, no Vale do Ubaye.<\/p><p>As duas esta\u00e7\u00f5es de esqui complementares e a vila de montanha Famille Plus oferecem uma variedade de atividades al\u00e9m do esqui: tren\u00f3 ferrovi\u00e1rio, snakegliss, patina\u00e7\u00e3o no gelo, fatbike, tren\u00f3s puxados por c\u00e3es, caminhadas na neve, passeios tem\u00e1ticos, uma \u00e1rea de recrea\u00e7\u00e3o e muito mais. Venha explorar este destino excepcional e viver momentos inesquec\u00edveis em Val d&#039;Allos.<\/p>\n\t\t\t\t\t<\/div>\n\t\t\t\t\t\t<\/div>\n\t\t\t\t<\/div>\n\t\t\t\t<\/div>\n\t\t<div class=\"elementor-element elementor-element-1baea52 e-con-full e-flex e-con e-parent\" data-id=\"1baea52\" data-element_type=\"container\">\n\t\t\t\t<div class=\"elementor-element elementor-element-58c1373 elementor-widget-divider--view-line elementor-widget elementor-widget-divider\" data-id=\"58c1373\" data-element_type=\"widget\" data-widget_type=\"divider.default\">\n\t\t\t\t<div class=\"elementor-widget-container\">\n\t\t\t\t\t\t\t<div class=\"elementor-divider\">\n\t\t\t<span class=\"elementor-divider-separator\">\n\t\t\t\t\t\t<\/span>\n\t\t<\/div>\n\t\t\t\t\t\t<\/div>\n\t\t\t\t<\/div>\n\t\t\t\t<div class=\"elementor-element elementor-element-6bdc6f3 elementor-widget elementor-widget-wd_text_block\" data-id=\"6bdc6f3\" data-element_type=\"widget\" data-widget_type=\"wd_text_block.default\">\n\t\t\t\t<div class=\"elementor-widget-container\">\n\t\t\t\t\t\t\t<div class=\"wd-text-block reset-last-child text-left\">\n\t\t\t\n\t\t\t<p>Informa\u00e7\u00f5es<\/p>\n\t\t\t\t\t<\/div>\n\t\t\t\t\t\t<\/div>\n\t\t\t\t<\/div>\n\t\t\t\t<div class=\"elementor-element elementor-element-c7f27ae elementor-widget elementor-widget-wd_text_block\" data-id=\"c7f27ae\" data-element_type=\"widget\" data-widget_type=\"wd_text_block.default\">\n\t\t\t\t<div class=\"elementor-widget-container\">\n\t\t\t\t\t\t\t<div class=\"wd-text-block reset-last-child text-left\">\n\t\t\t\n\t\t\t<p>Pr\u00e1ticas<\/p>\n\t\t\t\t\t<\/div>\n\t\t\t\t\t\t<\/div>\n\t\t\t\t<\/div>\n\t\t\t\t<div class=\"elementor-element elementor-element-6935ecf elementor-widget elementor-widget-wd_text_block\" data-id=\"6935ecf\" data-element_type=\"widget\" data-widget_type=\"wd_text_block.default\">\n\t\t\t\t<div class=\"elementor-widget-container\">\n\t\t\t\t\t\t\t<div class=\"wd-text-block reset-last-child text-left\">\n\t\t\t\n\t\t\t<p>Localiza\u00e7\u00e3o: Alpes do Sul (04)<\/p><p>Altitude da esta\u00e7\u00e3o: 1800m<\/p><p>N\u00famero de faixas: 39<\/p><p>Altitude das pistas: 1800 a 2600m<\/p>\n\t\t\t\t\t<\/div>\n\t\t\t\t\t\t<\/div>\n\t\t\t\t<\/div>\n\t\t\t\t<\/div>\n\t\t\t\t\t<\/div>\n\t\t\t\t<\/div>\n\t\t<div class=\"elementor-element elementor-element-618c779 wd-section-stretch e-flex e-con-boxed e-con e-parent\" data-id=\"618c779\" data-element_type=\"container\" data-settings=\"{&quot;background_background&quot;:&quot;classic&quot;}\">\n\t\t\t\t\t<div class=\"e-con-inner\">\n\t\t<div class=\"elementor-element elementor-element-fd6965a e-con-full e-flex e-con e-parent\" data-id=\"fd6965a\" data-element_type=\"container\">\n\t\t\t\t<div class=\"elementor-element elementor-element-e89b13f elementor-widget-divider--view-line elementor-widget elementor-widget-divider\" data-id=\"e89b13f\" data-element_type=\"widget\" data-widget_type=\"divider.default\">\n\t\t\t\t<div class=\"elementor-widget-container\">\n\t\t\t\t\t\t\t<div class=\"elementor-divider\">\n\t\t\t<span class=\"elementor-divider-separator\">\n\t\t\t\t\t\t<\/span>\n\t\t<\/div>\n\t\t\t\t\t\t<\/div>\n\t\t\t\t<\/div>\n\t\t\t\t<div class=\"elementor-element elementor-element-31bd67e elementor-widget elementor-widget-wd_text_block\" data-id=\"31bd67e\" data-element_type=\"widget\" data-widget_type=\"wd_text_block.default\">\n\t\t\t\t<div class=\"elementor-widget-container\">\n\t\t\t\t\t\t\t<div class=\"wd-text-block reset-last-child text-left\">\n\t\t\t\n\t\t\t<p>Nossa escola de esqui<\/p>\n\t\t\t\t\t<\/div>\n\t\t\t\t\t\t<\/div>\n\t\t\t\t<\/div>\n\t\t\t\t<div class=\"elementor-element elementor-element-b41de67 elementor-widget elementor-widget-wd_text_block\" data-id=\"b41de67\" data-element_type=\"widget\" data-widget_type=\"wd_text_block.default\">\n\t\t\t\t<div class=\"elementor-widget-container\">\n\t\t\t\t\t\t\t<div class=\"wd-text-block reset-last-child text-left\">\n\t\t\t\n\t\t\t<p>Favorito<\/p>\n\t\t\t\t\t<\/div>\n\t\t\t\t\t\t<\/div>\n\t\t\t\t<\/div>\n\t\t\t\t<div class=\"elementor-element elementor-element-36ee44a elementor-widget elementor-widget-wd_text_block\" data-id=\"36ee44a\" data-element_type=\"widget\" data-widget_type=\"wd_text_block.default\">\n\t\t\t\t<div class=\"elementor-widget-container\">\n\t\t\t\t\t\t\t<div class=\"wd-text-block reset-last-child text-left\">\n\t\t\t\n\t\t\t<p>SkiBro<\/p><p>Em toda a Fran\u00e7a e na Europa<\/p>\n\t\t\t\t\t<\/div>\n\t\t\t\t\t\t<\/div>\n\t\t\t\t<\/div>\n\t\t\t\t<div class=\"elementor-element elementor-element-7dc0062 elementor-widget elementor-widget-wd_text_block\" data-id=\"7dc0062\" data-element_type=\"widget\" data-widget_type=\"wd_text_block.default\">\n\t\t\t\t<div class=\"elementor-widget-container\">\n\t\t\t\t\t\t\t<div class=\"wd-text-block reset-last-child text-left\">\n\t\t\t\n\t\t\t<p><span style=\"color: #ffffff;\"><a style=\"color: #f7f1e0;\" href=\"https:\/\/www.skibro.com\/en?&amp;partnerId=79ce8b13-727c-45f0-b9ba-cbd12c7eadc8&amp;utm_source=lespetitsmontagnard&amp;utm_medium=affiliate&amp;utm_campaign=Newsletter\" target=\"_blank\" rel=\"noopener\">Site<\/a><\/span><\/p>\n\t\t\t\t\t<\/div>\n\t\t\t\t\t\t<\/div>\n\t\t\t\t<\/div>\n\t\t\t\t<div class=\"elementor-element elementor-element-2c95bec elementor-widget elementor-widget-wd_text_block\" data-id=\"2c95bec\" data-element_type=\"widget\" data-widget_type=\"wd_text_block.default\">\n\t\t\t\t<div class=\"elementor-widget-container\">\n\t\t\t\t\t\t\t<div class=\"wd-text-block reset-last-child text-left\">\n\t\t\t\n\t\t\t<p>Gra\u00e7as ao nosso parceiro SkiBro, encontre a escola ou o instrutor que voc\u00ea precisa para tornar sua viagem de esqui um verdadeiro sucesso.<\/p>\n\t\t\t\t\t<\/div>\n\t\t\t\t\t\t<\/div>\n\t\t\t\t<\/div>\n\t\t\t\t<\/div>\n\t\t<div class=\"elementor-element elementor-element-12ef9c8 e-con-full e-flex e-con e-parent\" data-id=\"12ef9c8\" data-element_type=\"container\">\n\t\t\t\t<div class=\"elementor-element elementor-element-392f160 elementor-widget-divider--view-line elementor-widget elementor-widget-divider\" data-id=\"392f160\" data-element_type=\"widget\" data-widget_type=\"divider.default\">\n\t\t\t\t<div class=\"elementor-widget-container\">\n\t\t\t\t\t\t\t<div class=\"elementor-divider\">\n\t\t\t<span class=\"elementor-divider-separator\">\n\t\t\t\t\t\t<\/span>\n\t\t<\/div>\n\t\t\t\t\t\t<\/div>\n\t\t\t\t<\/div>\n\t\t\t\t<div class=\"elementor-element elementor-element-dcc1c1a elementor-widget elementor-widget-wd_text_block\" data-id=\"dcc1c1a\" data-element_type=\"widget\" data-widget_type=\"wd_text_block.default\">\n\t\t\t\t<div class=\"elementor-widget-container\">\n\t\t\t\t\t\t\t<div class=\"wd-text-block reset-last-child text-left\">\n\t\t\t\n\t\t\t<p>Como<\/p>\n\t\t\t\t\t<\/div>\n\t\t\t\t\t\t<\/div>\n\t\t\t\t<\/div>\n\t\t\t\t<div class=\"elementor-element elementor-element-616d247 elementor-widget elementor-widget-wd_text_block\" data-id=\"616d247\" data-element_type=\"widget\" data-widget_type=\"wd_text_block.default\">\n\t\t\t\t<div class=\"elementor-widget-container\">\n\t\t\t\t\t\t\t<div class=\"wd-text-block reset-last-child text-left\">\n\t\t\t\n\t\t\t<p>Chegando l\u00e1<\/p>\n\t\t\t\t\t<\/div>\n\t\t\t\t\t\t<\/div>\n\t\t\t\t<\/div>\n\t\t\t\t<div class=\"elementor-element elementor-element-27332c7 elementor-widget elementor-widget-wd_text_block\" data-id=\"27332c7\" data-element_type=\"widget\" data-widget_type=\"wd_text_block.default\">\n\t\t\t\t<div class=\"elementor-widget-container\">\n\t\t\t\t\t\t\t<div class=\"wd-text-block reset-last-child text-left\">\n\t\t\t\n\t\t\t<p>Duas esta\u00e7\u00f5es de trem d\u00e3o acesso a Val d&#039;Allos: Digne les Bains e THORAME GARE. \u00d4nibus v\u00e3o at\u00e9 o resort.<\/p><p>Considere tamb\u00e9m a op\u00e7\u00e3o de carona para quem viaja de carro.<\/p><p>Durante a temporada, h\u00e1 \u00f4nibus gratuitos dispon\u00edveis para conectar as vilas e resorts do Vale Ubaye.<\/p>\n\t\t\t\t\t<\/div>\n\t\t\t\t\t\t<\/div>\n\t\t\t\t<\/div>\n\t\t\t\t<\/div>\n\t\t\t\t\t<\/div>\n\t\t\t\t<\/div>\n\t\t<div class=\"elementor-element elementor-element-6216574 e-con-full e-flex e-con e-parent\" data-id=\"6216574\" data-element_type=\"container\">\n\t\t\t\t<div class=\"elementor-element elementor-element-53e5624 elementor-hidden-mobile elementor-widget elementor-widget-image\" data-id=\"53e5624\" data-element_type=\"widget\" data-widget_type=\"image.default\">\n\t\t\t\t<div class=\"elementor-widget-container\">\n\t\t\t\t\t\t\t\t\t\t\t\t\t\t\t<img decoding=\"async\" src=\"https:\/\/www.orentees.com\/wp-content\/uploads\/Picto-profitez.svg\" class=\"attachment-full size-full wp-image-32945\" alt=\"\" \/>\t\t\t\t\t\t\t\t\t\t\t\t\t\t\t<\/div>\n\t\t\t\t<\/div>\n\t\t<div class=\"elementor-element elementor-element-30d4540 e-con-full e-flex e-con e-parent\" data-id=\"30d4540\" data-element_type=\"container\">\n\t\t\t\t<div class=\"elementor-element elementor-element-8d47bc2 elementor-widget elementor-widget-html\" data-id=\"8d47bc2\" data-element_type=\"widget\" data-widget_type=\"html.default\">\n\t\t\t\t<div class=\"elementor-widget-container\">\n\t\t\t\t\t   <h1 style=\"font-family: 'Lexend', Sans-serif\">\n    <strong>ALUGUEL DE EQUIPAMENTOS DE ESQUI<\/strong><br>em Val d&#039;Allos\n<\/h1>\n\t\t\t\t<\/div>\n\t\t\t\t<\/div>\n\t\t\t\t<div class=\"elementor-element elementor-element-a70c556 elementor-mobile-align-center elementor-align-left elementor-widget elementor-widget-button\" data-id=\"a70c556\" data-element_type=\"widget\" data-widget_type=\"button.default\">\n\t\t\t\t<div class=\"elementor-widget-container\">\n\t\t\t\t\t\t\t\t\t<div class=\"elementor-button-wrapper\">\n\t\t\t\t\t<a class=\"elementor-button elementor-button-link elementor-size-sm\" href=\"https:\/\/www.orentees.com\/pt\/pc\/location-vetement-de-ski\/\" femme=\"\">\n\t\t\t\t\t\t<span class=\"elementor-button-content-wrapper\">\n\t\t\t\t\t\t\t\t\t<span class=\"elementor-button-text\">Para alugar<\/span>\n\t\t\t\t\t<\/span>\n\t\t\t\t\t<\/a>\n\t\t\t\t<\/div>\n\t\t\t\t\t\t\t\t<\/div>\n\t\t\t\t<\/div>\n\t\t\t\t<\/div>\n\t\t\t\t<\/div>\n\t\t<div class=\"elementor-element elementor-element-4cd2017 e-con-full e-flex e-con e-parent\" data-id=\"4cd2017\" data-element_type=\"container\">\n\t\t\t\t<div class=\"elementor-element elementor-element-5d19b04 elementor-widget elementor-widget-wd_text_block\" data-id=\"5d19b04\" data-element_type=\"widget\" data-widget_type=\"wd_text_block.default\">\n\t\t\t\t<div class=\"elementor-widget-container\">\n\t\t\t\t\t\t\t<div class=\"wd-text-block reset-last-child text-left\">\n\t\t\t\n\t\t\t<h2>Alugue suas roupas de esqui em Val d&#039;allos<\/h2><p>Simplifique suas f\u00e9rias em <strong>Val d&#039;Allos<\/strong> gra\u00e7as ao nosso servi\u00e7o de <strong>aluguel de roupas de esqui e snowboard<\/strong>, projetado para aliar conforto, desempenho e estilo nas pistas da regi\u00e3o <strong>Espa\u00e7o de Luz<\/strong>Nossas roupas t\u00e9cnicas s\u00e3o perfeitas para enfrentar as condi\u00e7\u00f5es alpinas e aproveitar as paisagens ensolaradas dos Alpes da Alta Proven\u00e7a.<\/p><p>Uma solu\u00e7\u00e3o ecologicamente respons\u00e1vel e pr\u00e1tica, ideal para explorar este resort acolhedor e seus magn\u00edficos panoramas naturais.<\/p>\n\t\t\t\t\t<\/div>\n\t\t\t\t\t\t<\/div>\n\t\t\t\t<\/div>\n\t\t\t\t<\/div>\n\t\t\t\t<\/div>","protected":false},"excerpt":{"rendered":"<p>Notre Point station &#8220;Val d&#8217;Allos&#8221; LANTELME SPORTS SKISET Place Ernest Garcin &#8211; Le Centre 04260 LA FOUX D&#8217;ALLOS Jours d&#8217;ouverture<\/p>","protected":false},"author":2,"featured_media":0,"parent":0,"menu_order":0,"comment_status":"closed","ping_status":"closed","template":"","meta":{"_acf_changed":false,"footnotes":""},"categories":[],"tags":[4055,4151],"class_list":["post-138205","page","type-page","status-publish","hentry","tag-point_station","tag-val-dallos"],"_links":{"self":[{"href":"https:\/\/www.orentees.com\/pt\/wp-json\/wp\/v2\/pages\/138205","targetHints":{"allow":["GET"]}}],"collection":[{"href":"https:\/\/www.orentees.com\/pt\/wp-json\/wp\/v2\/pages"}],"about":[{"href":"https:\/\/www.orentees.com\/pt\/wp-json\/wp\/v2\/types\/page"}],"author":[{"embeddable":true,"href":"https:\/\/www.orentees.com\/pt\/wp-json\/wp\/v2\/users\/2"}],"replies":[{"embeddable":true,"href":"https:\/\/www.orentees.com\/pt\/wp-json\/wp\/v2\/comments?post=138205"}],"version-history":[{"count":21,"href":"https:\/\/www.orentees.com\/pt\/wp-json\/wp\/v2\/pages\/138205\/revisions"}],"predecessor-version":[{"id":161521,"href":"https:\/\/www.orentees.com\/pt\/wp-json\/wp\/v2\/pages\/138205\/revisions\/161521"}],"wp:attachment":[{"href":"https:\/\/www.orentees.com\/pt\/wp-json\/wp\/v2\/media?parent=138205"}],"wp:term":[{"taxonomy":"category","embeddable":true,"href":"https:\/\/www.orentees.com\/pt\/wp-json\/wp\/v2\/categories?post=138205"},{"taxonomy":"post_tag","embeddable":true,"href":"https:\/\/www.orentees.com\/pt\/wp-json\/wp\/v2\/tags?post=138205"}],"curies":[{"name":"wp","href":"https:\/\/api.w.org\/{rel}","templated":true}]}}